{"id":596,"date":"2024-06-07T20:48:23","date_gmt":"2024-06-07T19:48:23","guid":{"rendered":"https:\/\/www.academiebach.com\/?page_id=596"},"modified":"2024-06-12T14:46:30","modified_gmt":"2024-06-12T13:46:30","slug":"lequipe","status":"publish","type":"page","link":"https:\/\/www.academiebach.com\/index.php\/lequipe\/","title":{"rendered":"L&rsquo;\u00e9quipe"},"content":{"rendered":"\n<p>Les Musicales du Bouscat sont port\u00e9es par l\u2019association de l\u2019<strong>Acad\u00e9mie Jean-S\u00e9bastien Bach<\/strong>, administr\u00e9e par une \u00e9quipe de b\u00e9n\u00e9voles qui lui permettent chaque ann\u00e9e de continuer \u00e0 proposer une saison de concerts au public bouscatais et girondin. <\/p>\n\n\n\n<p>Pr\u00e9sident : Jacques MOUTON<\/p>\n\n\n\n<p>Vice-pr\u00e9sidente et tr\u00e9sori\u00e8re : Catherine DUMORA<\/p>\n\n\n\n<p>Directrice artistique : Aude MARCHAND<\/p>\n\n\n\n<p>Co-directeur artistique : Thomas QUINQUENEL<\/p>\n\n\n\n<p><\/p>\n","protected":false},"excerpt":{"rendered":"<p>Les Musicales du Bouscat sont port\u00e9es par l\u2019association de l\u2019Acad\u00e9mie Jean-S\u00e9bastien Bach, administr\u00e9e par une \u00e9quipe de b\u00e9n\u00e9voles qui lui permettent chaque ann\u00e9e de continuer \u00e0 proposer une saison de concerts au public bouscatais et girondin. Pr\u00e9sident : Jacques MOUTON Vice-pr\u00e9sidente et tr\u00e9sori\u00e8re : Catherine DUMORA Directrice artistique : Aude MARCHAND Co-directeur artistique : Thomas [&hellip;]<\/p>\n","protected":false},"author":1,"featured_media":0,"parent":0,"menu_order":0,"comment_status":"closed","ping_status":"closed","template":"","meta":[],"_links":{"self":[{"href":"https:\/\/www.academiebach.com\/index.php\/wp-json\/wp\/v2\/pages\/596"}],"collection":[{"href":"https:\/\/www.academiebach.com\/index.php\/wp-json\/wp\/v2\/pages"}],"about":[{"href":"https:\/\/www.academiebach.com\/index.php\/wp-json\/wp\/v2\/types\/page"}],"author":[{"embeddable":true,"href":"https:\/\/www.academiebach.com\/index.php\/wp-json\/wp\/v2\/users\/1"}],"replies":[{"embeddable":true,"href":"https:\/\/www.academiebach.com\/index.php\/wp-json\/wp\/v2\/comments?post=596"}],"version-history":[{"count":6,"href":"https:\/\/www.academiebach.com\/index.php\/wp-json\/wp\/v2\/pages\/596\/revisions"}],"predecessor-version":[{"id":620,"href":"https:\/\/www.academiebach.com\/index.php\/wp-json\/wp\/v2\/pages\/596\/revisions\/620"}],"wp:attachment":[{"href":"https:\/\/www.academiebach.com\/index.php\/wp-json\/wp\/v2\/media?parent=596"}],"curies":[{"name":"wp","href":"https:\/\/api.w.org\/{rel}","templated":true}]}}